{"id":709,"date":"2019-08-24T09:27:38","date_gmt":"2019-08-24T09:27:38","guid":{"rendered":"https:\/\/evenz.qantumthemes.xyz\/demo\/?page_id=709"},"modified":"2019-08-24T09:27:38","modified_gmt":"2019-08-24T09:27:38","slug":"speakers-2","status":"publish","type":"page","link":"https:\/\/remed.webs.upv.es\/congreso\/speakers-2\/","title":{"rendered":"Speakers"},"content":{"rendered":"<div class=\"wpb-content-wrapper\"><p>[vc_row full_height=\u00bbyes\u00bb parallax=\u00bbcontent-moving\u00bb parallax_image=\u00bb562&#8243; evenz_waves=\u00bbtrue\u00bb css=\u00bb.vc_custom_1567692541228{background-color: rgba(0,0,0,0.21) !important;*background-color: rgb(0,0,0) !important;}\u00bb][vc_column evenz_section=\u00bbtrue\u00bb]\n\t\t<div class=\"evenz-section-caption  evenz-section-caption--l\">\n\n\t\t\t\t\t\t\t<h6 class=\"evenz-caption evenz-gradtext\"><span>DISCOVER OUR<\/span><\/h6>\n\t\t\t\t\t\t\t\t<h2 id=\"evenztabsfededb-top-speakers\" class=\"evenz-center evenz-capfont evenz-evenztabsfededb-top-speakers evenz-txtfx-oslo-container evenz-textfx-wrap \">\n\t\t\t\t\t\t\t\t\t\t\t\t<span class=\"evenz-txtfx evenz-txtfx--oslo\" data-qtwaypoints-offset=\"50\" data-qtwaypoints >\n\t\t\t\t\t\t\t\t<span>T<\/span><span>O<\/span><span>P<\/span><span> <\/span><span>S<\/span><span>P<\/span><span>E<\/span><span>A<\/span><span>K<\/span><span>E<\/span><span>R<\/span><span>S<\/span>\t\t\t\t\t\t\t<\/span>\n\t\t\t\t\t\t\t\t\t\t\t<\/h2>\n\t\t\t\t\t\t<\/div>\n\t\t\t\t<div data-evenz-customstyles=\".evenz-evenztabsfededb-top-speakers .evenz-txtfx--oslo, .evenz-evenztabsfededb-top-speakers .evenz-evenztabsfededb-top-speakers .evenz-txtfx--oslo::before { color: rgba(255,255,255,0.01)}\n\t\t\t\t\t\t\t.evenz-evenztabsfededb-top-speakers .evenz-txtfx--oslo.evenz-active span  { color: #ffffff}\n\t\t\t\t\t\t\t.evenz-evenztabsfededb-top-speakers .evenz-txtfx--oslo::before { border-color: #ff0062}\"><\/div>\n\t\t\t\t\t<hr class=\"evenz-spacer-s\">\n\t\t\n\t\t\t<div id=\"vc_gid-1567692697641-56194fb4-d67e-6\" class=\"evenz-owl-carousel-container\">\n\t\t\t\t<div id=\"qt-post-carousel-70969f11ede8a0c2\" class=\"evenz-owl-carousel owl-carousel owl-theme evenz-owl-theme\" \n\t\t\t\t\tdata-items=\"6\"\n\t\t\t\t\tdata-items_tablet=\"2\"\n\t\t\t\t\tdata-items_mobile=\"1\"\n\t\t\t\t\tdata-items_mobile_hori=\"2\"\n\t\t\t\t\tdata-gap=\"15\"\n\t\t\t\t\tdata-pause_on_hover=\"true\"\n\t\t\t\t\tdata-loop=\"true\" \n\t\t\t\t\tdata-center=\"true\" \n\t\t\t\t\tdata-stage_padding=\"0\"\n\t\t\t\t\tdata-nav=\"true\"\n\t\t\t\t\tdata-dots=\"true\" \n\t\t\t\t\tdata-autoplay_timeout=\"4000\" \n\t\t\t\t\tdata-amount=\"8\">\n\t\t\t\t\t\t\t\t\t\t\t<div class=\"evenz-item\">\n\t\t\t\t\t\t\t<div class=\"evenz-itemcontainer\">\n\t\t\t\t\t\t\t\t<article id=\"membercard-2001\" class=\"evenz-post evenz-post__member evenz-darkbg evenz-negative post-2001 evenz_member type-evenz_member status-publish has-post-thumbnail hentry\">\n\t<div class=\"evenz-post__header evenz-darkbg  evenz-negative\">\n\t\t<div class=\"evenz-bgimg evenz-bgimg--full\">\n\t\t\t<img fetchpriority=\"high\" decoding=\"async\" width=\"365\" height=\"317\" src=\"https:\/\/remed.webs.upv.es\/congreso\/wp-content\/uploads\/sites\/4\/2021\/02\/Fco-Jose-Mora.jpg\" class=\"evenz-post__thumb wp-post-image\" alt=\"\" \/>\t\t<\/div>\n\t\t<a class=\"evenz-hov\" href=\"https:\/\/remed.webs.upv.es\/congreso\/team-members\/francisco-jose-mora-mas\/\"> <\/a>\n\t<\/div>\n\t<div class=\"evenz-post__content\">\n\t\t<p class=\"evenz-meta evenz-small evenz-role\">\n\t\t\tRector Magn\u00edfico de la Universitat Polit\u00e8cnica de Val\u00e8ncia\t\t<\/p>\n\t\t<h4 class=\"evenz-post__title evenz-cutme-t-2\"><a href=\"https:\/\/remed.webs.upv.es\/congreso\/team-members\/francisco-jose-mora-mas\/\">Francisco Jos\u00e9 Mora Mas<\/a><\/h4>\n\t\t\t<\/div>\n\n<\/article>\t\t\t\t\t\t\t<\/div>\n\t\t\t\t\t\t<\/div>\n\t\t\t\t\t\t\t\t\t\t\t\t<div class=\"evenz-item\">\n\t\t\t\t\t\t\t<div class=\"evenz-itemcontainer\">\n\t\t\t\t\t\t\t\t<article id=\"membercard-1920\" class=\"evenz-post evenz-post__member evenz-darkbg evenz-negative post-1920 evenz_member type-evenz_member status-publish has-post-thumbnail hentry evenz_membertype-ponente\">\n\t<div class=\"evenz-post__header evenz-darkbg  evenz-negative\">\n\t\t<div class=\"evenz-bgimg evenz-bgimg--full\">\n\t\t\t<img decoding=\"async\" width=\"240\" height=\"240\" src=\"https:\/\/remed.webs.upv.es\/congreso\/wp-content\/uploads\/sites\/4\/2021\/01\/Parry-.jpg\" class=\"evenz-post__thumb wp-post-image\" alt=\"\" srcset=\"https:\/\/remed.webs.upv.es\/congreso\/wp-content\/uploads\/sites\/4\/2021\/01\/Parry-.jpg 240w, https:\/\/remed.webs.upv.es\/congreso\/wp-content\/uploads\/sites\/4\/2021\/01\/Parry--150x150.jpg 150w, https:\/\/remed.webs.upv.es\/congreso\/wp-content\/uploads\/sites\/4\/2021\/01\/Parry--100x100.jpg 100w\" sizes=\"(max-width: 240px) 100vw, 240px\" \/>\t\t<\/div>\n\t\t<a class=\"evenz-hov\" href=\"https:\/\/remed.webs.upv.es\/congreso\/team-members\/ross-parry\/\"> <\/a>\n\t<\/div>\n\t<div class=\"evenz-post__content\">\n\t\t<p class=\"evenz-meta evenz-small evenz-role\">\n\t\t\tSubdirector de Museum Studies en la Universidad de Leicester, Profesor de Tecnolog\u00eda en Museos\t\t<\/p>\n\t\t<h4 class=\"evenz-post__title evenz-cutme-t-2\"><a href=\"https:\/\/remed.webs.upv.es\/congreso\/team-members\/ross-parry\/\">Ross Parry<\/a><\/h4>\n\t\t\t\t<p class=\"evenz-meta evenz-small evenz-social\">\n\t\t\t<a class=\"evenz-sociallink\" href=\"https:\/\/www.linkedin.com\/in\/ross-parry-859b593\/?originalSubdomain=uk\" target=\"_blank\"><i class=\"qt-socicon-linkedin\"><\/i><\/a><a class=\"evenz-sociallink\" href=\"https:\/\/twitter.com\/rossparry\" target=\"_blank\"><i class=\"qt-socicon-twitter\"><\/i><\/a>\t\t<\/p>\n\t\t\t<\/div>\n\n<\/article>\t\t\t\t\t\t\t<\/div>\n\t\t\t\t\t\t<\/div>\n\t\t\t\t\t\t\t\t\t\t\t\t<div class=\"evenz-item\">\n\t\t\t\t\t\t\t<div class=\"evenz-itemcontainer\">\n\t\t\t\t\t\t\t\t<article id=\"membercard-1861\" class=\"evenz-post evenz-post__member evenz-darkbg evenz-negative post-1861 evenz_member type-evenz_member status-publish has-post-thumbnail hentry evenz_membertype-ponente\">\n\t<div class=\"evenz-post__header evenz-darkbg  evenz-negative\">\n\t\t<div class=\"evenz-bgimg evenz-bgimg--full\">\n\t\t\t<img decoding=\"async\" width=\"370\" height=\"400\" src=\"https:\/\/remed.webs.upv.es\/congreso\/wp-content\/uploads\/sites\/4\/2020\/12\/Clara-Merin-370x400.jpg\" class=\"evenz-post__thumb wp-post-image\" alt=\"\" \/>\t\t<\/div>\n\t\t<a class=\"evenz-hov\" href=\"https:\/\/remed.webs.upv.es\/congreso\/team-members\/clara-merin\/\"> <\/a>\n\t<\/div>\n\t<div class=\"evenz-post__content\">\n\t\t<p class=\"evenz-meta evenz-small evenz-role\">\n\t\t\tDocente y Social media manager en ICOM Espa\u00f1a\t\t<\/p>\n\t\t<h4 class=\"evenz-post__title evenz-cutme-t-2\"><a href=\"https:\/\/remed.webs.upv.es\/congreso\/team-members\/clara-merin\/\">Clara Mer\u00edn<\/a><\/h4>\n\t\t\t\t<p class=\"evenz-meta evenz-small evenz-social\">\n\t\t\t<a class=\"evenz-sociallink\" href=\"https:\/\/www.linkedin.com\/in\/claramerin\/\" target=\"_blank\"><i class=\"qt-socicon-linkedin\"><\/i><\/a><a class=\"evenz-sociallink\" href=\"https:\/\/twitter.com\/clara_merin\" target=\"_blank\"><i class=\"qt-socicon-twitter\"><\/i><\/a>\t\t<\/p>\n\t\t\t<\/div>\n\n<\/article>\t\t\t\t\t\t\t<\/div>\n\t\t\t\t\t\t<\/div>\n\t\t\t\t\t\t\t\t\t\t\t\t<div class=\"evenz-item\">\n\t\t\t\t\t\t\t<div class=\"evenz-itemcontainer\">\n\t\t\t\t\t\t\t\t<article id=\"membercard-1851\" class=\"evenz-post evenz-post__member evenz-darkbg evenz-negative post-1851 evenz_member type-evenz_member status-publish has-post-thumbnail hentry evenz_membertype-ponente\">\n\t<div class=\"evenz-post__header evenz-darkbg  evenz-negative\">\n\t\t<div class=\"evenz-bgimg evenz-bgimg--full\">\n\t\t\t<img loading=\"lazy\" decoding=\"async\" width=\"370\" height=\"400\" src=\"https:\/\/remed.webs.upv.es\/congreso\/wp-content\/uploads\/sites\/4\/2020\/12\/inaki-arredondo-370x400.jpg\" class=\"evenz-post__thumb wp-post-image\" alt=\"\" \/>\t\t<\/div>\n\t\t<a class=\"evenz-hov\" href=\"https:\/\/remed.webs.upv.es\/congreso\/team-members\/inaki-arredondo\/\"> <\/a>\n\t<\/div>\n\t<div class=\"evenz-post__content\">\n\t\t<p class=\"evenz-meta evenz-small evenz-role\">\n\t\t\tCEO, co-foundador en Madpixel \t\t<\/p>\n\t\t<h4 class=\"evenz-post__title evenz-cutme-t-2\"><a href=\"https:\/\/remed.webs.upv.es\/congreso\/team-members\/inaki-arredondo\/\">I\u00f1aki Arredondo<\/a><\/h4>\n\t\t\t\t<p class=\"evenz-meta evenz-small evenz-social\">\n\t\t\t<a class=\"evenz-sociallink\" href=\"https:\/\/www.linkedin.com\/in\/inakiarredondo\/\" target=\"_blank\"><i class=\"qt-socicon-linkedin\"><\/i><\/a><a class=\"evenz-sociallink\" href=\"https:\/\/twitter.com\/inakiarredondo\" target=\"_blank\"><i class=\"qt-socicon-twitter\"><\/i><\/a>\t\t<\/p>\n\t\t\t<\/div>\n\n<\/article>\t\t\t\t\t\t\t<\/div>\n\t\t\t\t\t\t<\/div>\n\t\t\t\t\t\t\t\t\t\t\t\t<div class=\"evenz-item\">\n\t\t\t\t\t\t\t<div class=\"evenz-itemcontainer\">\n\t\t\t\t\t\t\t\t<article id=\"membercard-1847\" class=\"evenz-post evenz-post__member evenz-darkbg evenz-negative post-1847 evenz_member type-evenz_member status-publish has-post-thumbnail hentry evenz_membertype-ponente\">\n\t<div class=\"evenz-post__header evenz-darkbg  evenz-negative\">\n\t\t<div class=\"evenz-bgimg evenz-bgimg--full\">\n\t\t\t<img loading=\"lazy\" decoding=\"async\" width=\"140\" height=\"140\" src=\"https:\/\/remed.webs.upv.es\/congreso\/wp-content\/uploads\/sites\/4\/2020\/12\/Rufino-Ferreras.jpg\" class=\"evenz-post__thumb wp-post-image\" alt=\"\" srcset=\"https:\/\/remed.webs.upv.es\/congreso\/wp-content\/uploads\/sites\/4\/2020\/12\/Rufino-Ferreras.jpg 140w, https:\/\/remed.webs.upv.es\/congreso\/wp-content\/uploads\/sites\/4\/2020\/12\/Rufino-Ferreras-100x100.jpg 100w\" sizes=\"(max-width: 140px) 100vw, 140px\" \/>\t\t<\/div>\n\t\t<a class=\"evenz-hov\" href=\"https:\/\/remed.webs.upv.es\/congreso\/team-members\/rufino-ferreras\/\"> <\/a>\n\t<\/div>\n\t<div class=\"evenz-post__content\">\n\t\t<p class=\"evenz-meta evenz-small evenz-role\">\n\t\t\tResponsable de Desarrollo Educativo del Museo Thyssen-Bornemisza\t\t<\/p>\n\t\t<h4 class=\"evenz-post__title evenz-cutme-t-2\"><a href=\"https:\/\/remed.webs.upv.es\/congreso\/team-members\/rufino-ferreras\/\">Rufino Ferreras<\/a><\/h4>\n\t\t\t\t<p class=\"evenz-meta evenz-small evenz-social\">\n\t\t\t<a class=\"evenz-sociallink\" href=\"https:\/\/www.linkedin.com\/in\/rufinoferreras\/?originalSubdomain=es\" target=\"_blank\"><i class=\"qt-socicon-instagram\"><\/i><\/a><a class=\"evenz-sociallink\" href=\"https:\/\/www.facebook.com\/rufino.ferreras\" target=\"_blank\"><i class=\"qt-socicon-facebook\"><\/i><\/a><a class=\"evenz-sociallink\" href=\"https:\/\/twitter.com\/rufinoferreras\" target=\"_blank\"><i class=\"qt-socicon-twitter\"><\/i><\/a>\t\t<\/p>\n\t\t\t<\/div>\n\n<\/article>\t\t\t\t\t\t\t<\/div>\n\t\t\t\t\t\t<\/div>\n\t\t\t\t\t\t\t\t\t\t\t\t<div class=\"evenz-item\">\n\t\t\t\t\t\t\t<div class=\"evenz-itemcontainer\">\n\t\t\t\t\t\t\t\t<article id=\"membercard-1838\" class=\"evenz-post evenz-post__member evenz-darkbg evenz-negative post-1838 evenz_member type-evenz_member status-publish has-post-thumbnail hentry evenz_membertype-ponente\">\n\t<div class=\"evenz-post__header evenz-darkbg  evenz-negative\">\n\t\t<div class=\"evenz-bgimg evenz-bgimg--full\">\n\t\t\t<img loading=\"lazy\" decoding=\"async\" width=\"370\" height=\"450\" src=\"https:\/\/remed.webs.upv.es\/congreso\/wp-content\/uploads\/sites\/4\/2020\/12\/Carles-Sora-370x450.jpg\" class=\"evenz-post__thumb wp-post-image\" alt=\"\" \/>\t\t<\/div>\n\t\t<a class=\"evenz-hov\" href=\"https:\/\/remed.webs.upv.es\/congreso\/team-members\/carles-sora\/\"> <\/a>\n\t<\/div>\n\t<div class=\"evenz-post__content\">\n\t\t<p class=\"evenz-meta evenz-small evenz-role\">\n\t\t\tDirector, investigador y profesor de medios digitales y tecnolog\u00eda creativa en CITM \/ UPC\t\t<\/p>\n\t\t<h4 class=\"evenz-post__title evenz-cutme-t-2\"><a href=\"https:\/\/remed.webs.upv.es\/congreso\/team-members\/carles-sora\/\">Carles Sora<\/a><\/h4>\n\t\t\t\t<p class=\"evenz-meta evenz-small evenz-social\">\n\t\t\t<a class=\"evenz-sociallink\" href=\"https:\/\/www.linkedin.com\/in\/carlesora\/?originalSubdomain=es\" target=\"_blank\"><i class=\"qt-socicon-linkedin\"><\/i><\/a><a class=\"evenz-sociallink\" href=\"https:\/\/twitter.com\/carlesora?lang=es\" target=\"_blank\"><i class=\"qt-socicon-twitter\"><\/i><\/a>\t\t<\/p>\n\t\t\t<\/div>\n\n<\/article>\t\t\t\t\t\t\t<\/div>\n\t\t\t\t\t\t<\/div>\n\t\t\t\t\t\t\t\t\t\t\t\t<div class=\"evenz-item\">\n\t\t\t\t\t\t\t<div class=\"evenz-itemcontainer\">\n\t\t\t\t\t\t\t\t<article id=\"membercard-1786\" class=\"evenz-post evenz-post__member evenz-darkbg evenz-negative post-1786 evenz_member type-evenz_member status-publish has-post-thumbnail hentry evenz_membertype-ponente\">\n\t<div class=\"evenz-post__header evenz-darkbg  evenz-negative\">\n\t\t<div class=\"evenz-bgimg evenz-bgimg--full\">\n\t\t\t<img loading=\"lazy\" decoding=\"async\" width=\"225\" height=\"225\" src=\"https:\/\/remed.webs.upv.es\/congreso\/wp-content\/uploads\/sites\/4\/2020\/12\/marisol-Lopez.jpg\" class=\"evenz-post__thumb wp-post-image\" alt=\"\" srcset=\"https:\/\/remed.webs.upv.es\/congreso\/wp-content\/uploads\/sites\/4\/2020\/12\/marisol-Lopez.jpg 225w, https:\/\/remed.webs.upv.es\/congreso\/wp-content\/uploads\/sites\/4\/2020\/12\/marisol-Lopez-150x150.jpg 150w, https:\/\/remed.webs.upv.es\/congreso\/wp-content\/uploads\/sites\/4\/2020\/12\/marisol-Lopez-100x100.jpg 100w\" sizes=\"(max-width: 225px) 100vw, 225px\" \/>\t\t<\/div>\n\t\t<a class=\"evenz-hov\" href=\"https:\/\/remed.webs.upv.es\/congreso\/team-members\/marisol-lopez\/\"> <\/a>\n\t<\/div>\n\t<div class=\"evenz-post__content\">\n\t\t<p class=\"evenz-meta evenz-small evenz-role\">\n\t\t\tDirectora de l&#039;\u00c0rea de Cultura Digital. Institut Catal\u00e0 de les Empreses Culturals\t\t<\/p>\n\t\t<h4 class=\"evenz-post__title evenz-cutme-t-2\"><a href=\"https:\/\/remed.webs.upv.es\/congreso\/team-members\/marisol-lopez\/\">Marisol L\u00f3pez<\/a><\/h4>\n\t\t\t\t<p class=\"evenz-meta evenz-small evenz-social\">\n\t\t\t<a class=\"evenz-sociallink\" href=\"https:\/\/www.linkedin.com\/in\/marisolbcn\/?originalSubdomain=es\" target=\"_blank\"><i class=\"qt-socicon-linkedin\"><\/i><\/a><a class=\"evenz-sociallink\" href=\"www.marisolbcn.com\" target=\"_blank\"><i class=\"qt-socicon-wordpress\"><\/i><\/a>\t\t<\/p>\n\t\t\t<\/div>\n\n<\/article>\t\t\t\t\t\t\t<\/div>\n\t\t\t\t\t\t<\/div>\n\t\t\t\t\t\t\t\t\t\t\t\t<div class=\"evenz-item\">\n\t\t\t\t\t\t\t<div class=\"evenz-itemcontainer\">\n\t\t\t\t\t\t\t\t<article id=\"membercard-1783\" class=\"evenz-post evenz-post__member evenz-darkbg evenz-negative post-1783 evenz_member type-evenz_member status-publish has-post-thumbnail hentry evenz_membertype-ponente\">\n\t<div class=\"evenz-post__header evenz-darkbg  evenz-negative\">\n\t\t<div class=\"evenz-bgimg evenz-bgimg--full\">\n\t\t\t<img loading=\"lazy\" decoding=\"async\" width=\"200\" height=\"200\" src=\"https:\/\/remed.webs.upv.es\/congreso\/wp-content\/uploads\/sites\/4\/2020\/12\/xavier-Campillo.jpg\" class=\"evenz-post__thumb wp-post-image\" alt=\"\" srcset=\"https:\/\/remed.webs.upv.es\/congreso\/wp-content\/uploads\/sites\/4\/2020\/12\/xavier-Campillo.jpg 200w, https:\/\/remed.webs.upv.es\/congreso\/wp-content\/uploads\/sites\/4\/2020\/12\/xavier-Campillo-150x150.jpg 150w, https:\/\/remed.webs.upv.es\/congreso\/wp-content\/uploads\/sites\/4\/2020\/12\/xavier-Campillo-100x100.jpg 100w\" sizes=\"(max-width: 200px) 100vw, 200px\" \/>\t\t<\/div>\n\t\t<a class=\"evenz-hov\" href=\"https:\/\/remed.webs.upv.es\/congreso\/team-members\/xavier-rubio-campillo\/\"> <\/a>\n\t<\/div>\n\t<div class=\"evenz-post__content\">\n\t\t<p class=\"evenz-meta evenz-small evenz-role\">\n\t\t\tInvestigador Patrimonio digital, ciencia de datos y videojuegos\t\t<\/p>\n\t\t<h4 class=\"evenz-post__title evenz-cutme-t-2\"><a href=\"https:\/\/remed.webs.upv.es\/congreso\/team-members\/xavier-rubio-campillo\/\">Xavier Rubio Campillo<\/a><\/h4>\n\t\t\t\t<p class=\"evenz-meta evenz-small evenz-social\">\n\t\t\t<a class=\"evenz-sociallink\" href=\"https:\/\/www.linkedin.com\/in\/xavier-rubio-campillo-0b473290\/?originalSubdomain=es\" target=\"_blank\"><i class=\"qt-socicon-linkedin\"><\/i><\/a><a class=\"evenz-sociallink\" href=\"https:\/\/twitter.com\/xrubiocampillo\" target=\"_blank\"><i class=\"qt-socicon-twitter\"><\/i><\/a>\t\t<\/p>\n\t\t\t<\/div>\n\n<\/article>\t\t\t\t\t\t\t<\/div>\n\t\t\t\t\t\t<\/div>\n\t\t\t\t\t\t\t\t\t\t<\/div>\n\t\t\t<\/div>\n\t\t\t[\/vc_column][\/vc_row]<\/p>\n<\/div>","protected":false},"excerpt":{"rendered":"<p>[vc_row full_height=\u00bbyes\u00bb parallax=\u00bbcontent-moving\u00bb parallax_image=\u00bb562&#8243; evenz_waves=\u00bbtrue\u00bb css=\u00bb.vc_custom_1567692541228{background-color: rgba(0,0,0,0.21) !important;*background-color: rgb(0,0,0) !important;}\u00bb][vc_column evenz_section=\u00bbtrue\u00bb][\/vc_column][\/vc_row]<\/p>\n","protected":false},"author":1,"featured_media":0,"parent":0,"menu_order":0,"comment_status":"closed","ping_status":"closed","template":"archive-evenz_member.php","meta":{"footnotes":""},"class_list":["post-709","page","type-page","status-publish","hentry"],"_links":{"self":[{"href":"https:\/\/remed.webs.upv.es\/congreso\/wp-json\/wp\/v2\/pages\/709","targetHints":{"allow":["GET"]}}],"collection":[{"href":"https:\/\/remed.webs.upv.es\/congreso\/wp-json\/wp\/v2\/pages"}],"about":[{"href":"https:\/\/remed.webs.upv.es\/congreso\/wp-json\/wp\/v2\/types\/page"}],"author":[{"embeddable":true,"href":"https:\/\/remed.webs.upv.es\/congreso\/wp-json\/wp\/v2\/users\/1"}],"replies":[{"embeddable":true,"href":"https:\/\/remed.webs.upv.es\/congreso\/wp-json\/wp\/v2\/comments?post=709"}],"version-history":[{"count":0,"href":"https:\/\/remed.webs.upv.es\/congreso\/wp-json\/wp\/v2\/pages\/709\/revisions"}],"wp:attachment":[{"href":"https:\/\/remed.webs.upv.es\/congreso\/wp-json\/wp\/v2\/media?parent=709"}],"curies":[{"name":"wp","href":"https:\/\/api.w.org\/{rel}","templated":true}]}}